{"id":4560,"date":"2018-08-31T09:43:06","date_gmt":"2018-08-31T09:43:06","guid":{"rendered":"http:\/\/greengenius.eu\/privacy-policy\/"},"modified":"2025-03-07T13:33:48","modified_gmt":"2025-03-07T13:33:48","slug":"privatumo-politika","status":"publish","type":"page","link":"https:\/\/greengenius.com\/lt\/privatumo-politika\/","title":{"rendered":"Privatumo politika"},"content":{"rendered":"<p><strong>PRIVATUMO POLITIKA<\/strong><\/p>\n<p>Green Genius \u012fmon\u0117s, vystan\u010dios atsinaujinan\u010dios energetikos projektus, (toliau- <strong>Mes<\/strong>, <strong>Green Genius<\/strong>) vertiname ir saugome asmens duomen\u0173 privatum\u0105, tod\u0117l \u0161ioje politikoje (toliau \u2013 Privatumo politika) pateikiame i\u0161sami\u0105 informacij\u0105, kaip tvarkome fizini\u0173 asmen\u0173 (toliau<strong>\u2013 J\u016bs, Duomen\u0173 subjektai<\/strong>) asmens duomenis.<\/p>\n<p>Tvarkydami asmens duomenis laikom\u0117s 2016 m. baland\u017eio 27 d. Europos Parlamento ir Tarybos reglamento (ES) 2016\/679 d\u0117l fizini\u0173 asmen\u0173 apsaugos tvarkant asmens duomenis ir d\u0117l laisvo toki\u0173 duomen\u0173 jud\u0117jimo, kuriuo panaikinama Direktyva 95\/46\/EB (Bendrasis duomen\u0173 apsaugos reglamentas, toliau \u2013 BDAR) ir kit\u0173 galiojan\u010di\u0173 teis\u0117s akt\u0173, reglamentuojan\u010di\u0173 asmens duomen\u0173 apsaug\u0105.<\/p>\n<p>\u0160ioje Privatumo politikoje pateikiame svarbiausi\u0105 susistemint\u0105 informacij\u0105 apie J\u016bs\u0173 asmens duomen\u0173 apsaug\u0105, t. y. kokius asmens duomenis renkame, kaip ir kokiais tikslais juos naudojame, kokiais teisiniais pagrindais juos tvarkome, kiek laiko juos saugome, kam juos perduodame, taip pat m\u016bs\u0173 pareigas tvarkant J\u016bs\u0173 asmens duomenis, J\u016bs\u0173 turimas teises ir j\u0173 \u012fgyvendinimo b\u016bdus.<\/p>\n<p>Privatumo politika yra nuolat kintantis dokumentas, tod\u0117l mes j\u0105 esant poreikiui galime tobulinti, keisti, naujinti, tod\u0117l pra\u0161ome J\u016bs\u0173 laikas nuo laiko apsilankyti Svetain\u0117je, kur visuomet rasite naujausi\u0105 Privatumo politikos versij\u0105. Nauja Politikos versija \u012fsigalioja nuo jos patalpinimo \u012f Svetain\u0119 dienos.<\/p>\n<p>Paskutiniai Privatumo politikos pakeitimai atlikti ir galioja nuo <strong>2024 m. gegu\u017e\u0117s 30 d.<\/strong><\/p>\n<p>Ankstesn\u0117 Privatumo politikos versija pasiekiama \u010dia: <a href=\"https:\/\/greengenius.com\/wp-content\/uploads\/2024\/05\/ASMENS-DUOMENU-TVARKYMO-TAISYKLES-iki-2024.05.29.docx\">Privatumo politika iki <strong>2024 m. gegu\u017e\u0117s 29 d.<\/strong><\/a><\/p>\n<p><strong>S\u0104VOKOS<\/strong><\/p>\n<ul>\n<li>Svetain\u0117 \u2013 interneto svetain\u0117, pasiekiama adresu <a href=\"http:\/\/www.greengenius.com\">greengenius.com<\/a>.<\/li>\n<li>Taikytini duomen\u0173 privatum\u0105 reglamentuojantys teis\u0117s aktai \u2013 Bendrasis duomen\u0173 apsaugos reglamentas (ES) 2016\/679 (BDAR) ir kiti privalomi Europos S\u0105jungos bei jos valstybi\u0173 nari\u0173 (\u012fskaitant Lietuvos Respublik\u0105) teis\u0117s aktai, taikytini Asmens duomen\u0173 tvarkymui.<\/li>\n<li>Asmens duomenys \u2013 bet kuri informacija, susijusi su fiziniu asmeniu \u2013 duomen\u0173 subjektu, kurio tapatyb\u0117 yra \u017einoma arba gali b\u016bti tiesiogiai ar netiesiogiai nustatyta pasinaudojant tokiais duomenimis kaip asmens kodas, vienas arba keli asmeniui b\u016bdingi fizinio, fiziologinio, genetinio, psichologinio, ekonominio, kult\u016brinio ar socialinio pob\u016bd\u017eio po\u017eymiai.<\/li>\n<\/ul>\n<p><strong>M\u016aS\u0172 KONTAKTAI<\/strong><\/p>\n<p>J\u016bs\u0173 duomen\u0173 valdytojas yra:<\/p>\n<table>\n<tbody>\n<tr>\n<td width=\"198\">Tarptautinis biuras<\/td>\n<td width=\"444\">UAB \u201eGreen Genius\u201c<\/p>\n<p>\u012em. k.: \u00a0302841738<\/p>\n<p>B\u016bvein\u0117s adresas: Ozo g. 10A, Vilnius, LT-04326, Lietuva<\/p>\n<p>Tel. nr., el. pa\u0161tas: \u00a0+370 655 45222, <a href=\"mailto:info@greengenius.com\">info@greengenius.com<\/a>.<br \/>\nDuomen\u0173 apsaugos pareig\u016bnas: \u00a0<a href=\"mailto:dpo@modus.group\">dpo@modus.group<\/a>.<\/p>\n<p>&nbsp;<\/td>\n<\/tr>\n<tr>\n<td width=\"198\">Lenkija<\/td>\n<td width=\"444\">\u201eGreen Genius\u201c Sp. z o.o.<br \/>\n\u012emon\u0117s kodas: 561031B\u016bvein\u0117s adresas: ul. Ludwika Wary\u0144skiego 3a, 00-645 War\u0161uva<br \/>\nTel. nr., el. pa\u0161tas: \u00a0<a href=\"mailto:office@greengenius.pl\">office@greengenius.pl<\/a>, +48 537 537\u00a0326<\/p>\n<p>Duomen\u0173 apsaugos pareig\u016bnas: \u00a0<a href=\"mailto:dpo@modus.group\">dpo@modus.group<\/a>.<\/p>\n<p>&nbsp;<\/td>\n<\/tr>\n<tr>\n<td width=\"198\">Rumunija<\/td>\n<td width=\"444\">\u201eGreen Genius Romania\u201c S.R.L.<\/p>\n<p>\u012emon\u0117s kodas: 42482240<\/p>\n<p>Adresas: \u00a0Bukarek\u0161tas, Str C.A. Rosetti, nr 17, 3 auk\u0161tas ,\u00a0 305 kabinetas, 2 sektorius,\u00a0 020011,<\/p>\n<p>Tel. nr., el. pa\u0161tas: <a href=\"mailto:romania@greengenius.eu\">romania@greengenius.eu<\/a> \u00a0+40 (721) 755\u00a0000<br \/>\nDuomen\u0173 apsaugos pareig\u016bnas: \u00a0<a href=\"mailto:dpo@modus.group\">dpo@modus.group<\/a>.<\/p>\n<p>&nbsp;<\/p>\n<p>&nbsp;<\/td>\n<\/tr>\n<tr>\n<td width=\"198\">Ispanija<\/td>\n<td width=\"444\">\u201eGreen Genius Development Spain\u201c S.L.<\/p>\n<p>\u012emon\u0117s kodas: B87772844<br \/>\nAdresas: Orense 11 Planta 2 Puerta H 28020 Madridas<br \/>\nEl. pa\u0161tas, tel. nr.: <a href=\"mailto:espana@greengenius.com\">espana@greengenius.com<\/a>, +34 680 520\u00a0914.<br \/>\nDuomen\u0173 apsaugos pareig\u016bnas: \u00a0<a href=\"mailto:dpo@modus.group\">dpo@modus.group<\/a>.<\/td>\n<\/tr>\n<tr>\n<td width=\"198\">Italija<\/td>\n<td width=\"444\">\u201eGreen Genius Italy\u201c S.r.l.<\/p>\n<p>\u012emon\u0117s kodas: 13908821005<\/p>\n<p>Adresas: CORSO GIUSEPPE GARIBALDI 49 CAP 20121, Milanas, Italija<br \/>\nEl. pa\u0161tas: <a href=\"mailto:italia@greengenius.it\">italia@greengenius.it<\/a><br \/>\nDuomen\u0173 apsaugos pareig\u016bnas: \u00a0<a href=\"mailto:dpo@modus.group\">dpo@modus.group<\/a>.<\/p>\n<p>&nbsp;<\/td>\n<\/tr>\n<tr>\n<td width=\"198\">Olandija<\/td>\n<td width=\"444\">\u201eGreen Genius International\u201c B.V.<br \/>\n\u012emon\u0117s kodas: \u00a066202213\u201eGreen Genius Global\u201c B.V.,<br \/>\n\u012emon\u0117s kodas: 73583952<\/p>\n<p>Adresas: Fred. Roeskestraat 115, 1076EE Amsterdamas, Olandija<\/p>\n<p>Telefonas:\u00a0 + 31 (20) 3690943<\/p>\n<p>Duomen\u0173 apsaugos pareig\u016bnas: \u00a0<a href=\"mailto:dpo@modus.group\">dpo@modus.group<\/a>.<\/p>\n<p>&nbsp;<\/p>\n<p>&nbsp;<\/td>\n<\/tr>\n<tr>\n<td width=\"198\">Ukraina<\/td>\n<td width=\"444\">\u201eGREEN GENIUS UKRAINE\u201c<\/p>\n<p>\u012emon\u0117s kodas: 43310929<\/p>\n<p>Adresas: 52, Bogdana Khmelnitskogo\u00a0 Str., 01030, Kyjivas, Ukraina, biuras 610<br \/>\nEl.pa\u0161tas, telefonas: <a href=\"mailto:kiev@greengenius.eu\">kiev@greengenius.eu<\/a>, +38(066)7229569<\/p>\n<p>Duomen\u0173 apsaugos pareig\u016bnas: \u00a0<a href=\"mailto:dpo@modus.group\">dpo@modus.group<\/a>.<\/p>\n<p>&nbsp;<\/p>\n<p>&nbsp;<\/td>\n<\/tr>\n<tr>\n<td width=\"198\"><\/td>\n<td width=\"444\"><\/td>\n<\/tr>\n<\/tbody>\n<\/table>\n<p>&nbsp;<\/p>\n<p><strong>I\u0160 KOKI\u0172 \u0160ALTINI\u0172 GAUNAME J\u016aS\u0172 ASMENS DUOMENIS?<\/strong><\/p>\n<p>J\u016bs\u0173 asmens duomenis mes gauname tiesiogiai i\u0161 J\u016bs\u0173, Jums siun\u010diant mums u\u017eklausas per Svetain\u0117je esan\u010dias kontakt\u0173 formas ar nurodytais el. pa\u0161tais, sudarant bendradarbiavimo, nuomos ar kt. sutartis. Taip pat, kai tai leid\u017eia teis\u0117s aktai ir kai tai b\u016btina M\u016bs\u0173 asmens duomen\u0173 tvarkymo tikslams pasiekti, Mes gauname\/ renkame informacij\u0105 i\u0161 kit\u0173 \u0161altini\u0173:<\/p>\n<ul>\n<li>vie\u0161\u0173j\u0173 registr\u0173 pagal su valstybiniais registr\u0173 centrais sudarytas duomen\u0173 teikimo sutartis;<\/li>\n<li>kit\u0173 oficiali\u0173 institucij\u0173 (pvz. savivaldybi\u0173) ar asmen\u0173;<\/li>\n<li>interneto\/ ry\u0161io paslaug\u0173 teik\u0117j\u0173 \u2013 kai lankot\u0117s Interneto svetain\u0117je, patenkate \u012f vaizdo steb\u0117jimo kamer\u0173 lauk\u0105 ir kt.;<\/li>\n<li>kit\u0173 grup\u0117s, kuriai priklauso Green Genius, \u012fmoni\u0173;<\/li>\n<\/ul>\n<p><strong>KOKIAIS TIKSLAIS TVARKOME J\u016aS\u0172 ASMENS DUOMENIS?<\/strong><\/p>\n<p>Mes tvarkome J\u016bs\u0173 asmens duomenis \u0161iais tikslais:<\/p>\n<table>\n<tbody>\n<tr>\n<td width=\"642\"><strong>Tikslas- <\/strong>Interneto svetain\u0117s administravimas.<\/p>\n<p><strong>Teisinis duomen\u0173 tvarkymo pagrindas- <\/strong>sutikimas, BDAR 6 str. 1 d. a punktas.<\/p>\n<p><strong>Asmens duomen\u0173 kategorijos- <\/strong>slapuk\u0173 pagalba surenkama informacija.<\/p>\n<p>&nbsp;<\/p>\n<p>Slapuk\u0173 naudojim\u0105 ir duomen\u0173 rinkim\u0105 panaudojant slapukus (\u012fskaitant ir konkre\u010dius naudojamus slapukus ir j\u0173 saugojimo terminus) reglamentuoja Slapuk\u0173 politika, kuri\u0105 galite rasti kiekvieno puslapio apa\u010dioje.<\/td>\n<\/tr>\n<tr>\n<td width=\"642\"><strong>Tikslas- <\/strong>Socialini\u0173 \u017einiasklaidos priemoni\u0173 valdymas.<\/p>\n<p><strong>Teisinis duomen\u0173 tvarkymo pagrindas<\/strong>&#8211; teis\u0117tas interesas, BDAR 6 str. 1 d. f punktas.<\/p>\n<p><strong>Asmens duomen\u0173 kategorijos-<\/strong> J\u016bs\u0173 komentarai, atsiliepimai ir kita informacija, kuria pasidalinate m\u016bs\u0173 socialin\u0117s \u017einiasklaidos paskyrose.<\/p>\n<p>&nbsp;<\/p>\n<p>Green Genius turi socialini\u0173 tinkl\u0173 paskyras, kuriose keliama aktuali informacija, susijusi su \u012fmon\u0117s prek\u0117s \u017eenklu. Paskyr\u0173 naudotojams taikoma to socialinio tinklo, kuriame yra M\u016bs\u0173 paskyra, Privatumo politika ir taisykl\u0117s.\u00a0 Rekomenduojame perskaityti tre\u010di\u0173j\u0173 \u0161ali\u0173 privatumo prane\u0161imus ir tiesiogiai susisiekti su paslaug\u0173 teik\u0117jais, jei Jums kyla bet koki\u0173 klausim\u0173 d\u0117l to, kaip jie naudoja J\u016bs\u0173 asmens duomenis:<\/p>\n<p>Linkedin privatumo prane\u0161imas- <a href=\"https:\/\/www.linkedin.com\/legal\/privacy-policy\">https:\/\/www.linkedin.com\/legal\/privacy-policy<\/a>;<\/p>\n<p>Facebook privatumo prane\u0161imas- \u00a0<a href=\"https:\/\/www.facebook.com\/privacy\/explanation;\">https:\/\/www.facebook.com\/privacy\/explanation;<\/a><\/p>\n<p>Instagram privatumo prane\u0161imas- <a href=\"https:\/\/help.instagram.com\/155833707900388;\">https:\/\/help.instagram.com\/155833707900388;<\/a><\/p>\n<p>YouTube privatumo prane\u0161imas- <a href=\"https:\/\/www.google.co.uk\/intl\/en-GB\/policies\/privacy\/\">https:\/\/www.google.co.uk\/intl\/en-GB\/policies\/privacy\/<\/a><u>.<\/u><\/td>\n<\/tr>\n<tr>\n<td width=\"642\"><strong>Tikslas<\/strong>&#8211; J\u016bs\u0173 Interneto svetain\u0117je u\u017epildyt\u0173 u\u017eklaus\u0173 administravimas.<\/p>\n<p><strong>Teisinis duomen\u0173 tvarkymo pagrindas- <\/strong>sutikimas, BDAR 6 str. 1 d. b punktas.<\/p>\n<p><strong>Asmens duomen\u0173 kategorijos- <\/strong>vardas, pavard\u0117, el. pa\u0161to adresas, telefono numeris, papildoma informacija ir dokumentai, kuriuos pateikiate.<\/p>\n<p><strong>Duomen\u0173 saugojimo terminas- <\/strong>2 metai nuo J\u016bs\u0173 pateiktos u\u017eklausos i\u0161sprendimo.<\/td>\n<\/tr>\n<tr>\n<td width=\"642\"><strong>Tikslas- <\/strong>Rengini\u0173 organizavimas.<\/p>\n<p><strong>Teisinis duomen\u0173 tvarkymo pagrindas<\/strong>&#8211; teis\u0117tas interesas, BDAR 6 str. 1 d. f punktas.<\/p>\n<p><strong>Asmens duomen\u0173 kategorijos- <\/strong>el. pa\u0161to adresas, atvaizdas, jei renginys yra filmuojamas ir fotografuojamas.<\/p>\n<p><strong>Asmens duomen\u0173 saugojimo terminas- <\/strong>2 metai.<\/td>\n<\/tr>\n<tr>\n<td width=\"642\"><strong>Tikslas- <\/strong>\u017dem\u0117s nuomos sutar\u010di\u0173 sudarymas<\/p>\n<p><strong>Teisinis duomen\u0173 tvarkymo pagrindas<\/strong>&#8211; sutarties vykdymas, BDAR 6 str. 1 d. b punktas.<\/p>\n<p><strong>Asmens duomen\u0173 kategorijos- <\/strong>nuomininko vardas, pavard\u0117, adresas, el. pa\u0161to adresas, atsiskaitomosios s\u0105skaitos numeris, NTR i\u0161ra\u0161e esanti informacija apie nuomojam\u0105 turt\u0105.<\/p>\n<p><strong>Asmens duomen\u0173 saugojimo terminas- <\/strong>10 met\u0173 po nuomos sutarties nutraukimo.<\/td>\n<\/tr>\n<tr>\n<td width=\"642\"><strong>Tikslas- <\/strong>Gretim\u0173 \u017eem\u0117s sklyp\u0173 savinink\u0173 informavimas\/ sutikim\u0173 rinkimas d\u0117l planuojam\u0173\/ vykdom\u0173 energetikos projekt\u0173.<\/p>\n<p><strong>Teisinis duomen\u0173 tvarkymo pagrindas<\/strong>&#8211; teisin\u0117 prievol\u0117, BDAR 6 str. 1 d. c punktas.<\/p>\n<p><strong>Asmens duomen\u0173 kategorijos- <\/strong>savinink\u0173 vardas, pavard\u0117, gyv. vietos adresas, kontaktiniai duomenys: el. pa\u0161to adresas, telefono numeris.<\/p>\n<p><strong>Asmens duomen\u0173 saugojimo terminas- <\/strong>projekto vystymo metu.<\/td>\n<\/tr>\n<tr>\n<td width=\"642\"><strong>Tikslas- <\/strong>Santyki\u0173 su tiek\u0117jais palaikymas<\/p>\n<p><strong>Teisinis duomen\u0173 tvarkymo pagrindas<\/strong>&#8211; sutarties vykdymas, BDAR 6 str. 1 d. b punktas.<\/p>\n<p><strong>Asmens duomen\u0173 kategorijos- <\/strong>vardas, pavard\u0117, pareigos, \u012fmon\u0117, el. pa\u0161to adresas, telefono numeris.<\/p>\n<p><strong>Asmens duomen\u0173 saugojimo terminas<\/strong>&#8211; iki sutarties pabaigos.<\/td>\n<\/tr>\n<tr>\n<td width=\"642\"><strong>Tikslas-<\/strong> atrankos \u012f laisvas darbo vietas organizavimas.<\/p>\n<p><strong>Teisinis duomen\u0173 tvarkymo pagrindas<\/strong>&#8211; sutikimas, BDAR 6 str. 1 d. a punktas; teis\u0117tas interesas, BDAR 6 str. 1 d. f punktas.<\/p>\n<p>&nbsp;<\/p>\n<p><strong>D\u0117mesio!<\/strong> Visa informacija apie kandidat\u0173 asmens duomen\u0173 tvarkym\u0105 yra pateikiama kandidat\u0173 privatumo politikoje: <a href=\"https:\/\/greengenius.com\/lt\/kandidatu-privatumo-politika\/\">https:\/\/greengenius.com\/lt\/kandidatu-privatumo-politika\/<\/a>.<\/td>\n<\/tr>\n<tr>\n<td width=\"642\"><strong>Tikslas- <\/strong>vaizdo steb\u0117jimas m\u016bs\u0173 teritorijose ir patalpose siekiant u\u017etikrinti turto apsaug\u0105.<\/p>\n<p><strong>Teisinis duomen\u0173 tvarkymo pagrindas- <\/strong>teis\u0117tas interesas, BDAR 6 str. 1 d. f punktas.<\/p>\n<p><strong>Asmens duomen\u0173 kategorijos- <\/strong>\u012f steb\u0117jimo kamer\u0173 lauk\u0105 patekusi\u0173 asmen\u0173 atvaizdas. Vaizdai \u012fra\u0161omi be garso.<\/p>\n<p><strong>Duomen\u0173 saugojimo terminas<\/strong>&#8211; 30 dien\u0173.<\/td>\n<\/tr>\n<\/tbody>\n<\/table>\n<p><strong>\u00a0<\/strong><\/p>\n<p><strong>KAM PERDUODAME DUOMENIS?<\/strong><\/p>\n<p>Tam tikrais atvejais (pvz. siekiant u\u017etikrinti m\u016bs\u0173 veiklos t\u0119stinum\u0105, suteikti Jums paslaugas, \u012fgyvendinti teis\u0117s akt\u0173 reikalavimus ar apginti savo teis\u0117tus interesus) mes galime atskleisti informacij\u0105 apie Jus:<\/p>\n<ul>\n<li>m\u016bs\u0173 profesiniams patar\u0117jams, auditoriams, teisininkams;<\/li>\n<li>duomen\u0173 centr\u0173, prieglobos, debesijos, svetain\u0117s administravimo ir susijusias paslaugas teikian\u010dioms, programin\u0119 \u012frang\u0105 kurian\u010dioms, teikian\u010dioms, palaikan\u010dioms ir vystan\u010dioms \u012fmon\u0117ms, informacini\u0173 technologij\u0173 infrastrukt\u016bros paslaugas teikian\u010dioms \u012fmon\u0117ms, ry\u0161io paslaugas teikian\u010dioms \u012fmon\u0117ms;<\/li>\n<li>\u012fstatym\u0173 numatyta tvarka valstyb\u0117s institucijoms: Valstybinei mokes\u010di\u0173 inspekcijai, Registr\u0173 Centrui, ir kt.;<\/li>\n<li>teis\u0117saugos institucijoms pagal j\u0173 pateikt\u0105 pra\u0161ym\u0105 arba m\u016bs\u0173 iniciatyva, jei yra \u012ftarim\u0173, kad buvo \u012fvykdyta nusikalstama veika, taip pat teismams ir kitoms gin\u010d\u0173 nagrin\u0117jimo institucijoms;<\/li>\n<\/ul>\n<p><strong>DUOMEN\u0172 PERDAVIMAS \u012e TRE\u010cI\u0104SIAS VALSTYBES<\/strong><\/p>\n<p>J\u016bs\u0173 asmens duomenys \u012f tre\u010di\u0105sias valstybes perduodami tik laikantis galiojan\u010di\u0173 teis\u0117s akt\u0173 reikalavim\u0173.<\/p>\n<p>Kiekvienu atveju, jeigu reikia perduoti J\u016bs\u0173 asmens duomenis \u012f tre\u010di\u0105j\u0105 valstyb\u0119 ar tarptautin\u0119 organizacij\u0105 garantinio aptarnavimo ir (ar) kitais \u0161ioje Privatumo politikoje nurodytais tikslais, laikomasi vienos i\u0161 \u0161i\u0173 s\u0105lyg\u0173: (i) duomenys perduodami valstybei, d\u0117l kurios yra priimtas sprendimas d\u0117l tinkamumo (tre\u010diosios valstyb\u0117s, kurios atitinka keliam\u0105 apsaugos lyg\u012f yra tvirtinamos Europos S\u0105jungos Komisijos); (ii) duomen\u0173 perdavimas yra vykdomas taikant teis\u0117s aktuose nurodytas tinkamas apsaugos priemones (pvz., teisi\u0161kai privalomu ir vykdytinu vald\u017eios institucij\u0173 arba \u012fstaig\u0173 tarpusavio dokumentu; \u012fmon\u0117ms privalomomis taisykl\u0117mis pagal Bendrojo duomen\u0173 apsaugos reglamento 47 straipsn\u012f; standartin\u0117mis Duomen\u0173 apsaugos s\u0105lygomis, kurias Europos S\u0105jungos Komisija priima laikydamasi Bendrojo duomen\u0173 apsaugos reglamento 93 straipsnio 2 dalyje nurodytos nagrin\u0117jimo proced\u016bros); (iii) laikomasi kit\u0173 teis\u0117s aktuose nurodyt\u0173 nukrypti leid\u017eian\u010di\u0173 nuostat\u0173, jei ne\u012fmanoma perduoti duomen\u0173 pagal auk\u0161\u010diau pamin\u0117tus papunk\u010dius.<\/p>\n<p><strong>KAIP APSAUGOME J\u016aS\u0172 ASMENS DUOMENIS?<\/strong><\/p>\n<p>J\u016bs\u0173 asmens duomenys bus tvarkomi laikantis Taikytin\u0173 duomen\u0173 privatum\u0105 reglamentuojan\u010di\u0173 teis\u0117s akt\u0173 reikalavim\u0173. Tvarkydami J\u016bs\u0173 asmens duomenis, mes \u012fgyvendiname organizacines ir technines priemones, kurios u\u017etikrina asmens duomen\u0173 apsaug\u0105 nuo atsitiktinio ar neteis\u0117to sunaikinimo, pakeitimo, atskleidimo, taip pat nuo bet kokio kito neteis\u0117to tvarkymo. \u0160ios priemon\u0117s apima, bet neapsiriboja:<\/p>\n<ul>\n<li>grie\u017et\u0105 prieigos kontrol\u0119, u\u017etikrinam\u0105 \u201eb\u016btina \u017einoti\u201c principu;<\/li>\n<li>konfidencialumo susitarim\u0173 sudarym\u0105 su asmenimis, kurie turi prieig\u0105 prie J\u016bs\u0173 duomen\u0173;<\/li>\n<li>periodin\u012f mokym\u0173 duomen\u0173 apsaugos ir informacijos saugos temomis organizavim\u0105;<\/li>\n<li>vidini\u0173 duomen\u0173 apsaugos proced\u016br\u0173 dokumentavim\u0105 ir \u012fgyvendinim\u0105;<\/li>\n<li>duomen\u0173 apsaugos pareig\u016bno paskyrim\u0105;<\/li>\n<\/ul>\n<p><strong>KOKIAS TEISES TURITE IR KAIP GALITE JOMIS PASINAUDOTI?<\/strong><\/p>\n<p>Jei tvarkome J\u016bs\u0173 asmens duomenis \u0161ioje Privatumo politikoje nustatytais tikslais arba jei turite prie\u017eas\u010di\u0173 manyti, kad tvarkome J\u016bs\u0173 asmens duomenis, tuomet J\u016bs kaip duomen\u0173 subjektas turite \u0161ias BDAR numatytas teises:<\/p>\n<ul>\n<li>Teis\u0119 \u017einoti \u2013 \u017einoti (b\u016bti informuotam) apie savo asmens duomen\u0173 tvarkym\u0105;<\/li>\n<li>Teis\u0119 susipa\u017einti \u2013 gauti patvirtinim\u0105 ar J\u016bs\u0173 asmens duomenys yra tvarkomi, o jei taip yra, pra\u0161yti susipa\u017einti su savo asmens duomenimis ir gauti j\u0173 kopij\u0105;<\/li>\n<li>Teis\u0119 i\u0161taisyti \u2013 pra\u0161yti, kad b\u016bt\u0173 i\u0161taisyti netiksl\u016bs ar nepilni asmens duomenys;<\/li>\n<li>Teis\u0119 nesutikti \u2013 nesutikti, kad b\u016bt\u0173 tvarkomi J\u016bs\u0173 asmens duomenys;<\/li>\n<li>Teis\u0119 at\u0161aukti savo sutikim\u0105 \u2013 atvejais, kai duomenis tvarkome su J\u016bs\u0173 sutikimu;<\/li>\n<li>Teis\u0119 apriboti \u2013 pra\u0161yti, kad konkre\u010diam laikotarpiui b\u016bt\u0173 apribotas J\u016bs\u0173 asmens duomen\u0173 tvarkymas;<\/li>\n<li>Teis\u0119 i\u0161trinti duomenis\/b\u016bti pamir\u0161tam \u2013 pra\u0161yti, kad b\u016bt\u0173 i\u0161trinti tie asmens duomenys kurie neb\u0117ra reikalingi, kad b\u016bt\u0173 pasiekti tikslai, kuriais jie buvo renkami arba kitaip tvarkomi;<\/li>\n<li>Teis\u0119 perkelti \u2013 gauti savo asmens duomenis, susistemintu kompiuterio skaitomu formatu ir perduoti tuos duomenis kitam duomen\u0173 valdytojui;<\/li>\n<li>Teis\u0119 sk\u0173sti \u2013 pateikti skund\u0105 Valstybinei duomen\u0173 apsaugos inspekcijai (L. Sapiegos g. 17, LT-10312 Vilnius, el. pa\u0161tu ada@ada.lt), ta\u010diau pirmiausia rekomenduojame kreiptis \u012f mus, ir mes pabandysime kartu su Jumis i\u0161spr\u0119sti visus J\u016bs\u0173 pra\u0161ymus.<\/li>\n<\/ul>\n<p>Savo teises galite \u012fgyvendinti teikiant mums pra\u0161ym\u0105 Privatumo politikos vir\u0161uje nurodytais kontaktais.<\/p>\n<p>Pateikiant pra\u0161ym\u0105, J\u016bs kaip duomen\u0173 subjektas, privalote patvirtinti savo tapatyb\u0119 vienu i\u0161 \u017eemiau nurodyt\u0173 b\u016bd\u0173:<\/p>\n<ul>\n<li>jei teikiate pra\u0161ym\u0105 M\u016bs\u0173 darbuotojui, kartu turite pateikti galiojant\u012f asmens tapatyb\u0119 patvirtinant\u012f dokument\u0105;<\/li>\n<li>jei teikiate pra\u0161ym\u0105 pa\u0161tu ar per pasiuntin\u012f, kartu turite prid\u0117ti galiojan\u010dio asmens tapatyb\u0119 patvirtinan\u010dio dokumento kopij\u0105, patvirtint\u0105 teis\u0117s akt\u0173 nustatyta tvarka;<\/li>\n<li>jei teikiate pra\u0161ym\u0105 elektroniniu b\u016bdu, j\u012f patvirtinti turite elektronini\u0173 ry\u0161i\u0173 priemon\u0117mis, kurios leid\u017eia tinkamai identifikuoti asmen\u012f (pvz., mobiliuoju para\u0161u, kvalifikuotu elektroniniu para\u0161u ar pan.).<\/li>\n<\/ul>\n<p>Gav\u0119 J\u016bs\u0173 pra\u0161ym\u0105 d\u0117l duomen\u0173 subjekt\u0173 teisi\u0173 \u012fgyvendinimo nedelsdami, bet ne v\u0117liau kaip per 1 m\u0117nes\u012f nuo kreipimosi dienos, pateiksime Jums atsakym\u0105. \u0160is laikotarpis prireikus gali b\u016bti prat\u0119stas dar 1 m\u0117nesiui, atsi\u017evelgiant \u012f pra\u0161ym\u0173 sud\u0117tingum\u0105 ir skai\u010di\u0173. Apie tok\u012f pratesim\u0105 b\u016bsite papildomai informuojami dar pirm\u0105j\u012f m\u0117nes\u012f. J\u016bs\u0173 pra\u0161oma informacija bus teikiama nemokamai. Ta\u010diau, matydami, kad J\u016bs\u0173 pra\u0161ymai yra akivaizd\u017eiai nepagr\u012fsti arba neproporcingi, vis\u0173 pirma d\u0117l j\u0173 pasikartojan\u010dio turinio, Mes turime teis\u0119 imti u\u017e tai pagr\u012fst\u0105 mokest\u012f (t. y. pra\u0161yti atlyginti administracines i\u0161laidas) arba atsisakyti imtis veiksm\u0173 pagal tok\u012f J\u016bs\u0173 pra\u0161ym\u0105.<\/p>\n<p>Atsakymas bus pateikiamas J\u016bs\u0173 pra\u0161yme pasirinktu b\u016bdu. Jeigu pra\u0161yme nenurodote b\u016bdo, kuriuo norite gauti atsakym\u0105, atsakymas Jums bus siun\u010diamas tokiu pat b\u016bdu, kokiu buvo pateikiamas pra\u0161ymas.<\/p>\n<p><strong>AR GALITE NETEIKTI SAVO ASMENS DUOMEN\u0172 IR\/AR NESUTIKTI SU ASMENS DUOMEN\u0172 TVARKYMU?<\/strong><\/p>\n<p>J\u016bs\u0173 asmens duomenys renkami ir tvarkomi siekiant operatyviai ir tinkamai vykdyti veikl\u0105 bei reaguoti \u012f J\u016bs\u0173 u\u017eklausas, pra\u0161ymus, skundus. Jums nepateikus savo duomen\u0173, mes negal\u0117sime tinkamai sureaguoti \u012f J\u016bs\u0173 u\u017eklausas, pra\u0161ymus, skundus ir\/arba kitus reikalavimus, kurie reikalauja m\u016bs\u0173 veikimo.<\/p>\n<p><strong>PRIVATUMO POLITIKOS PABAIGA<\/strong><\/p>\n","protected":false},"excerpt":{"rendered":"<p>PRIVATUMO POLITIKA Green Genius \u012fmon\u0117s, vystan\u010dios atsinaujinan\u010dios energetikos projektus, (toliau- Mes, Green Genius) vertiname ir saugome asmens duomen\u0173 privatum\u0105, tod\u0117l \u0161ioje politikoje (toliau \u2013 Privatumo politika) pateikiame i\u0161sami\u0105 informacij\u0105, kaip tvarkome fizini\u0173 asmen\u0173 (toliau\u2013 J\u016bs, Duomen\u0173 subjektai) asmens duomenis. Tvarkydami asmens duomenis laikom\u0117s 2016 m. baland\u017eio 27 d. Europos Parlamento ir Tarybos reglamento (ES) 2016\/679 &#8230;<\/p>\n","protected":false},"author":1,"featured_media":0,"parent":0,"menu_order":0,"comment_status":"closed","ping_status":"closed","template":"","meta":{"_acf_changed":false,"inline_featured_image":false,"footnotes":""},"class_list":["post-4560","page","type-page","status-publish","hentry"],"acf":[],"yoast_head":"<!-- This site is optimized with the Yoast SEO plugin v27.1.1 - https:\/\/yoast.com\/product\/yoast-seo-wordpress\/ -->\n<title>Privatumo politika - Green Genius<\/title>\n<meta name=\"robots\" content=\"index, follow, max-snippet:-1, max-image-preview:large, max-video-preview:-1\" \/>\n<link rel=\"canonical\" href=\"https:\/\/greengenius.com\/lt\/privatumo-politika\/\" \/>\n<meta property=\"og:locale\" content=\"lt_LT\" \/>\n<meta property=\"og:type\" content=\"article\" \/>\n<meta property=\"og:title\" content=\"Privatumo politika - Green Genius\" \/>\n<meta property=\"og:description\" content=\"PRIVATUMO POLITIKA Green Genius \u012fmon\u0117s, vystan\u010dios atsinaujinan\u010dios energetikos projektus, (toliau- Mes, Green Genius) vertiname ir saugome asmens duomen\u0173 privatum\u0105, tod\u0117l \u0161ioje politikoje (toliau \u2013 Privatumo politika) pateikiame i\u0161sami\u0105 informacij\u0105, kaip tvarkome fizini\u0173 asmen\u0173 (toliau\u2013 J\u016bs, Duomen\u0173 subjektai) asmens duomenis. Tvarkydami asmens duomenis laikom\u0117s 2016 m. baland\u017eio 27 d. Europos Parlamento ir Tarybos reglamento (ES) 2016\/679 ...\" \/>\n<meta property=\"og:url\" content=\"https:\/\/greengenius.com\/lt\/privatumo-politika\/\" \/>\n<meta property=\"og:site_name\" content=\"Green Genius\" \/>\n<meta property=\"article:publisher\" content=\"https:\/\/www.facebook.com\/greengeniuslietuva\/\" \/>\n<meta property=\"article:modified_time\" content=\"2025-03-07T13:33:48+00:00\" \/>\n<meta name=\"twitter:card\" content=\"summary_large_image\" \/>\n<meta name=\"twitter:site\" content=\"@greengenius_\" \/>\n<meta name=\"twitter:label1\" content=\"Est. reading time\" \/>\n\t<meta name=\"twitter:data1\" content=\"9 minut\u0117s\" \/>\n<script type=\"application\/ld+json\" class=\"yoast-schema-graph\">{\"@context\":\"https:\/\/schema.org\",\"@graph\":[{\"@type\":\"Article\",\"@id\":\"https:\/\/greengenius.com\/lt\/privatumo-politika\/#article\",\"isPartOf\":{\"@id\":\"https:\/\/greengenius.com\/lt\/privatumo-politika\/\"},\"author\":{\"name\":\"gg_admin\",\"@id\":\"https:\/\/greengenius.com\/#\/schema\/person\/9dd61841b9ebbeac2b92b6a6e2bd7305\"},\"headline\":\"Privatumo politika\",\"datePublished\":\"2018-08-31T09:43:06+00:00\",\"dateModified\":\"2025-03-07T13:33:48+00:00\",\"mainEntityOfPage\":{\"@id\":\"https:\/\/greengenius.com\/lt\/privatumo-politika\/\"},\"wordCount\":2142,\"publisher\":{\"@id\":\"https:\/\/greengenius.com\/#organization\"},\"inLanguage\":\"lt-LT\"},{\"@type\":\"WebPage\",\"@id\":\"https:\/\/greengenius.com\/lt\/privatumo-politika\/\",\"url\":\"https:\/\/greengenius.com\/lt\/privatumo-politika\/\",\"name\":\"Privatumo politika - Green Genius\",\"isPartOf\":{\"@id\":\"https:\/\/greengenius.com\/#website\"},\"datePublished\":\"2018-08-31T09:43:06+00:00\",\"dateModified\":\"2025-03-07T13:33:48+00:00\",\"breadcrumb\":{\"@id\":\"https:\/\/greengenius.com\/lt\/privatumo-politika\/#breadcrumb\"},\"inLanguage\":\"lt-LT\",\"potentialAction\":[{\"@type\":\"ReadAction\",\"target\":[\"https:\/\/greengenius.com\/lt\/privatumo-politika\/\"]}]},{\"@type\":\"BreadcrumbList\",\"@id\":\"https:\/\/greengenius.com\/lt\/privatumo-politika\/#breadcrumb\",\"itemListElement\":[{\"@type\":\"ListItem\",\"position\":1,\"name\":\"Home\",\"item\":\"https:\/\/greengenius.com\/lt\/\"},{\"@type\":\"ListItem\",\"position\":2,\"name\":\"Privatumo politika\"}]},{\"@type\":\"WebSite\",\"@id\":\"https:\/\/greengenius.com\/#website\",\"url\":\"https:\/\/greengenius.com\/\",\"name\":\"Green Genius\",\"description\":\"\",\"publisher\":{\"@id\":\"https:\/\/greengenius.com\/#organization\"},\"potentialAction\":[{\"@type\":\"SearchAction\",\"target\":{\"@type\":\"EntryPoint\",\"urlTemplate\":\"https:\/\/greengenius.com\/?s={search_term_string}\"},\"query-input\":{\"@type\":\"PropertyValueSpecification\",\"valueRequired\":true,\"valueName\":\"search_term_string\"}}],\"inLanguage\":\"lt-LT\"},{\"@type\":\"Organization\",\"@id\":\"https:\/\/greengenius.com\/#organization\",\"name\":\"Green Genius\",\"url\":\"https:\/\/greengenius.com\/\",\"logo\":{\"@type\":\"ImageObject\",\"inLanguage\":\"lt-LT\",\"@id\":\"https:\/\/greengenius.com\/#\/schema\/logo\/image\/\",\"url\":\"https:\/\/greengenius.com\/wp-content\/uploads\/2022\/10\/logo.png\",\"contentUrl\":\"https:\/\/greengenius.com\/wp-content\/uploads\/2022\/10\/logo.png\",\"width\":602,\"height\":602,\"caption\":\"Green Genius\"},\"image\":{\"@id\":\"https:\/\/greengenius.com\/#\/schema\/logo\/image\/\"},\"sameAs\":[\"https:\/\/www.facebook.com\/greengeniuslietuva\/\",\"https:\/\/x.com\/greengenius_\",\"https:\/\/www.linkedin.com\/company\/green-genius\/\",\"https:\/\/www.youtube.com\/channel\/UCxd1pbeZ-bFpy3qkdsL5gSg\"]},{\"@type\":\"Person\",\"@id\":\"https:\/\/greengenius.com\/#\/schema\/person\/9dd61841b9ebbeac2b92b6a6e2bd7305\",\"name\":\"gg_admin\"}]}<\/script>\n<!-- \/ Yoast SEO plugin. -->","yoast_head_json":{"title":"Privatumo politika - Green Genius","robots":{"index":"index","follow":"follow","max-snippet":"max-snippet:-1","max-image-preview":"max-image-preview:large","max-video-preview":"max-video-preview:-1"},"canonical":"https:\/\/greengenius.com\/lt\/privatumo-politika\/","og_locale":"lt_LT","og_type":"article","og_title":"Privatumo politika - Green Genius","og_description":"PRIVATUMO POLITIKA Green Genius \u012fmon\u0117s, vystan\u010dios atsinaujinan\u010dios energetikos projektus, (toliau- Mes, Green Genius) vertiname ir saugome asmens duomen\u0173 privatum\u0105, tod\u0117l \u0161ioje politikoje (toliau \u2013 Privatumo politika) pateikiame i\u0161sami\u0105 informacij\u0105, kaip tvarkome fizini\u0173 asmen\u0173 (toliau\u2013 J\u016bs, Duomen\u0173 subjektai) asmens duomenis. Tvarkydami asmens duomenis laikom\u0117s 2016 m. baland\u017eio 27 d. Europos Parlamento ir Tarybos reglamento (ES) 2016\/679 ...","og_url":"https:\/\/greengenius.com\/lt\/privatumo-politika\/","og_site_name":"Green Genius","article_publisher":"https:\/\/www.facebook.com\/greengeniuslietuva\/","article_modified_time":"2025-03-07T13:33:48+00:00","twitter_card":"summary_large_image","twitter_site":"@greengenius_","twitter_misc":{"Est. reading time":"9 minut\u0117s"},"schema":{"@context":"https:\/\/schema.org","@graph":[{"@type":"Article","@id":"https:\/\/greengenius.com\/lt\/privatumo-politika\/#article","isPartOf":{"@id":"https:\/\/greengenius.com\/lt\/privatumo-politika\/"},"author":{"name":"gg_admin","@id":"https:\/\/greengenius.com\/#\/schema\/person\/9dd61841b9ebbeac2b92b6a6e2bd7305"},"headline":"Privatumo politika","datePublished":"2018-08-31T09:43:06+00:00","dateModified":"2025-03-07T13:33:48+00:00","mainEntityOfPage":{"@id":"https:\/\/greengenius.com\/lt\/privatumo-politika\/"},"wordCount":2142,"publisher":{"@id":"https:\/\/greengenius.com\/#organization"},"inLanguage":"lt-LT"},{"@type":"WebPage","@id":"https:\/\/greengenius.com\/lt\/privatumo-politika\/","url":"https:\/\/greengenius.com\/lt\/privatumo-politika\/","name":"Privatumo politika - Green Genius","isPartOf":{"@id":"https:\/\/greengenius.com\/#website"},"datePublished":"2018-08-31T09:43:06+00:00","dateModified":"2025-03-07T13:33:48+00:00","breadcrumb":{"@id":"https:\/\/greengenius.com\/lt\/privatumo-politika\/#breadcrumb"},"inLanguage":"lt-LT","potentialAction":[{"@type":"ReadAction","target":["https:\/\/greengenius.com\/lt\/privatumo-politika\/"]}]},{"@type":"BreadcrumbList","@id":"https:\/\/greengenius.com\/lt\/privatumo-politika\/#breadcrumb","itemListElement":[{"@type":"ListItem","position":1,"name":"Home","item":"https:\/\/greengenius.com\/lt\/"},{"@type":"ListItem","position":2,"name":"Privatumo politika"}]},{"@type":"WebSite","@id":"https:\/\/greengenius.com\/#website","url":"https:\/\/greengenius.com\/","name":"Green Genius","description":"","publisher":{"@id":"https:\/\/greengenius.com\/#organization"},"potentialAction":[{"@type":"SearchAction","target":{"@type":"EntryPoint","urlTemplate":"https:\/\/greengenius.com\/?s={search_term_string}"},"query-input":{"@type":"PropertyValueSpecification","valueRequired":true,"valueName":"search_term_string"}}],"inLanguage":"lt-LT"},{"@type":"Organization","@id":"https:\/\/greengenius.com\/#organization","name":"Green Genius","url":"https:\/\/greengenius.com\/","logo":{"@type":"ImageObject","inLanguage":"lt-LT","@id":"https:\/\/greengenius.com\/#\/schema\/logo\/image\/","url":"https:\/\/greengenius.com\/wp-content\/uploads\/2022\/10\/logo.png","contentUrl":"https:\/\/greengenius.com\/wp-content\/uploads\/2022\/10\/logo.png","width":602,"height":602,"caption":"Green Genius"},"image":{"@id":"https:\/\/greengenius.com\/#\/schema\/logo\/image\/"},"sameAs":["https:\/\/www.facebook.com\/greengeniuslietuva\/","https:\/\/x.com\/greengenius_","https:\/\/www.linkedin.com\/company\/green-genius\/","https:\/\/www.youtube.com\/channel\/UCxd1pbeZ-bFpy3qkdsL5gSg"]},{"@type":"Person","@id":"https:\/\/greengenius.com\/#\/schema\/person\/9dd61841b9ebbeac2b92b6a6e2bd7305","name":"gg_admin"}]}},"_links":{"self":[{"href":"https:\/\/greengenius.com\/lt\/wp-json\/wp\/v2\/pages\/4560","targetHints":{"allow":["GET"]}}],"collection":[{"href":"https:\/\/greengenius.com\/lt\/wp-json\/wp\/v2\/pages"}],"about":[{"href":"https:\/\/greengenius.com\/lt\/wp-json\/wp\/v2\/types\/page"}],"author":[{"embeddable":true,"href":"https:\/\/greengenius.com\/lt\/wp-json\/wp\/v2\/users\/1"}],"replies":[{"embeddable":true,"href":"https:\/\/greengenius.com\/lt\/wp-json\/wp\/v2\/comments?post=4560"}],"version-history":[{"count":7,"href":"https:\/\/greengenius.com\/lt\/wp-json\/wp\/v2\/pages\/4560\/revisions"}],"predecessor-version":[{"id":11267,"href":"https:\/\/greengenius.com\/lt\/wp-json\/wp\/v2\/pages\/4560\/revisions\/11267"}],"wp:attachment":[{"href":"https:\/\/greengenius.com\/lt\/wp-json\/wp\/v2\/media?parent=4560"}],"curies":[{"name":"wp","href":"https:\/\/api.w.org\/{rel}","templated":true}]}}