{"id":7834,"date":"2022-07-18T07:41:31","date_gmt":"2022-07-18T07:41:31","guid":{"rendered":"https:\/\/greengenius.com\/candidate-privacy-policy\/"},"modified":"2023-03-10T14:54:27","modified_gmt":"2023-03-10T14:54:27","slug":"kandidatu-privatumo-politika","status":"publish","type":"page","link":"https:\/\/greengenius.com\/lt\/kandidatu-privatumo-politika\/","title":{"rendered":"Green Genius  kandidat\u0173 \u012f darbuotojus privatumo politika"},"content":{"rendered":"<p>Green Genius \u017eenklui priklausan\u010dios \u012fmon\u0117s, vystan\u010dios saul\u0117s, bioduj\u0173, v\u0117jo ir vandenilio energetikos sritis (toliau \u2013 \u201eMES\u201c, \u201eGreen Genius\u201c) gerbiame J\u016bs\u0173 pateikiam\u0173 ir\/ar gaunam\u0173 asmens duomen\u0173 privatum\u0105 ir \u012fsipareigojame juos saugoti, laikydamiesi \u0161ios Kandidat\u0173 privatumo politikos (toliau \u2013 \u201eKandidat\u0173 politika\u201c) nuostat\u0173.<\/p>\n<p>Tvarkydami J\u016bs\u0173 asmens duomenis, Mes vadovaujam\u0117s 2016 m. baland\u017eio 27 d. Europos Parlamento ir Tarybos reglamentu (ES) 2016\/679 d\u0117l fizini\u0173 asmen\u0173 apsaugos tvarkant asmens duomenis ir d\u0117l laisvo toki\u0173 duomen\u0173 jud\u0117jimo ir kuriuo panaikinama Direktyva 95\/46\/EB (Bendrasis duomen\u0173 apsaugos reglamentas), (angl.\u00a0<em>General Data Protection Regulation,\u00a0<\/em>toliau \u2013 \u201e<strong>GDPR<\/strong>\u201c) bei kitais \u012fstatymais, saugan\u010diais J\u016bs\u0173 asmenin\u0119 informacij\u0105, kuri gali b\u016bti panaudota J\u016bs\u0173 tapatybei nustatyti.<\/p>\n<p>\u0160ioje Kandidat\u0173 politikoje rasite informacij\u0105 apie J\u016bs\u0173 asmens duomen\u0173 tvarkym\u0105, kurioje \u012fsipareigojame b\u016bti skaidr\u016bs, pateikdami Jums ai\u0161ki\u0105 informacij\u0105 apie tai, kokie J\u016bs\u0173 asmens duomenys tvarkomi, tvarkymo tikslus, asmens duomen\u0173 saugojimo laikotarp\u012f, taip pat teisin\u012f duomen\u0173 tvarkymo pagrind\u0105 ir kit\u0105 informacij\u0105, kuri\u0105 turime pateikti pagal galiojan\u010dius teis\u0117s aktus.<\/p>\n<p>Vis\u0105 informacij\u0105 apie m\u016bs\u0173 \u012fmones ir j\u0173 rekvizitus galite rasite interneto svetain\u0117je: <a href=\"http:\/\/www.greengenius.com\">www.greengenius.com<\/a><\/p>\n<p><strong>Kokiais tikslais tvarkome J\u016bs\u0173 duomenis?<\/strong><\/p>\n<p>Mes tvarkome J\u016bs\u0173 asmens duomenis, siekdami administruoti J\u016bs\u0173 kaip potencialaus kandidato \u012f M\u016bs\u0173 \u012fmon\u0117s darbo viet\u0105 atrinkimo proces\u0105, kur\u012f, be kita ko, apima J\u016bs\u0173 parai\u0161kos nagrin\u0117jimas, kandidato profilio suk\u016brimas, susisiekimas su Jumis atitinkamu b\u016bdu (pvz., siekiant pakviesti jus \u012f darbo pokalb\u012f), J\u016bs\u0173 gyvenimo apra\u0161ymo saugojimas ar pasidalinimas su m\u016bs\u0173 kitomis susijusiomis \u012fmon\u0117mis (tik su J\u016bs\u0173 susitikimu).<\/p>\n<p><strong>Kokius J\u016bs\u0173 asmens duomenis tvarkome?<\/strong><\/p>\n<p>Renkame, tvarkome ir saugome \u0161iuos su J\u016bs\u0173 parai\u0161ka dalyvauti darbuotoj\u0173 atrankoje susijusius asmens duomenis:<br \/>\nVardas, pavard\u0117, kontaktin\u0117 informacija (el. pa\u0161tas ir telefono numeris), gyvenimo apra\u0161ymas (CV), darbo istorija (patirtis), i\u0161silavinimo istorija (\u012fskaitant diplomus, mokomuosius kursus ir sertifikatus), kalbos (-\u0173) \u012fg\u016bd\u017eiai, kiti \u012fg\u016bd\u017eiai ir asmenin\u0117s savyb\u0117s. Taip pat atlyginimo l\u016bkes\u010diai, , test\u0173 ir (ar) praktini\u0173 u\u017eduo\u010di\u0173 rezultatai, parai\u0161kos priedai kaip pvz. nuotraukos ir vaizdo \u012fra\u0161ai (neprivaloma), URL nuoroda \u012f socialini\u0173 tinkl\u0173 paskyras (neprivaloma), nuotrauka (neprivaloma). Kiti parai\u0161kos duomenys (pvz., parai\u0161k\u0173 skai\u010dius, pokalbio d\u0117l darbo data, pastabos, prane\u0161imai),\u00a0 susira\u0161in\u0117jimo duomenys (pvz. el. lai\u0161ko turinys), pageidaujamas darbas ir (arba) darbo valandos, atsi\u017evelgiant \u012f J\u016bs\u0173 pareigas, \u012f kurias pretenduojate, darbo pokalbio proceso metu M\u016bs\u0173 pasi\u017eym\u0117tos pastabos.<\/p>\n<p>Kandidat\u016bros \u012f M\u016bs\u0173 si\u016blomas darbo pozicijas ar J\u016bs\u0173 gyvenimo apra\u0161ymo (CV) atsiuntimas \u00a0yra savanori\u0161kas, tod\u0117l galite pasirinkti, kokius asmens duomenis pageidaujate pateikti ir kokia apimtimi. Kai kuriais atvejais, priklausomai nuo pozicijos, Mes galime J\u016bs\u0173 papra\u0161yti papildomos informacijos, pvz., J\u016bs\u0173 vairuotojo pa\u017eym\u0117jimo informacijos, ar sutinkate dirbti pamainomis ir t. t.<\/p>\n<p>Informuojame, kad teisi\u0161kai J\u016bs neprivalote Mums pateikti savo asmens duomen\u0173, ta\u010diau pasirink\u0119 neteikti savo asmens duomen\u0173 arba nepateik\u0119 vis\u0173 reikiam\u0173 asmens duomen\u0173, Mes negal\u0117sime \u012fvertinti J\u016bs\u0173 kandidat\u016bros ir tolimesniuose atrankos procese dalyvauti negal\u0117site.<\/p>\n<p><strong>Kokiais teisiniais pagrindais renkame ir tvarkome J\u016bs\u0173 asmens duomenis?\u00a0 <\/strong><\/p>\n<p>J\u016bs\u0173 asmens duomenis da\u017eniausiai tvarkome J\u016bs\u0173 i\u0161reik\u0161to sutikimo pagrindu (BDAR 6 str. 1 d. (a) punktas) kai J\u016bs savo asmens duomenis savanori\u0161kai Mums pateikiate su tikslu \u012fvertinti J\u016bs\u0173 kandidat\u016bros tinkamum\u0105 ir \u00a0\u012ftraukti Jus \u012f atrankos proces\u0105.<\/p>\n<p>Savo sutikim\u0105, bet kuriuo metu galite at\u0161aukti per M\u016bs\u0173 naudojam\u0105 \u012fdarbinimo platform\u0105 (<a href=\"https:\/\/apply.workable.com\/green-genius\/\">linkas<\/a>) arba atskirai ra\u0161tu informuojant Mus, \u017eemiau pateiktais kontaktais.<\/p>\n<p>Taip pat J\u016bs\u0173 asmens duomenis galime tvarkyti \u0161iais pagrindais:<\/p>\n<ul>\n<li>Mes ketiname sudaryti su Jumis darbo sutart\u012f (GDPR 6 straipsnio 1 dalies \u00a0(b) punktas) \u2013 kai J\u016bs pasirenkamas kaip tinkas kandidatas eiti pareigas ir reikalinga vykdyti \u012fdarbinimo proces\u0105;<\/li>\n<\/ul>\n<ul>\n<li>esant teis\u0117tam M\u016bs\u0173 interesui \u012fvertinti J\u016bs\u0173 tinkamum\u0105 pageidaujamai pareigybei u\u017eimti ir i\u0161vengti bet koki\u0173 interes\u0173 konflikt\u0173 (BDAR 6 str. 1 d. (f) punktas);<\/li>\n<li>turime teis\u0117t\u0105 interes\u0105 susisiekti su Jumis ir pasi\u016blyti darbo galimyb\u0119 (GDPR 6 straipsnio 1 dalies f punktas) \u2013 kai paskelbiate savo kontaktin\u0119 informacij\u0105 \u201eLinkedIn\u201c platformoje.<\/li>\n<\/ul>\n<p><strong>Kokiu b\u016bdu renkame informacij\u0105 apie Jus?<\/strong><\/p>\n<p>Kandidat\u0173 \u012f darbuotojus asmens duomenis galime gauti i\u0161 \u012fvairi\u0173 \u0161altini\u0173:<\/p>\n<ul>\n<li>tiesiogiai i\u0161 J\u016bs\u0173, kai J\u016bs pateikiate Mums savo gyvenimo apra\u0161ym\u0105 ir\/ar kit\u0105 \u012fvairi\u0105 informacij\u0105 kaip savo parai\u0161kos dal\u012f pvz., kai pretenduojate \u012f konkre\u010dias paskelbtas laisvas pozicijas arba kai pateikiate mums savo gyvenimo apra\u0161ym\u0105 (CV) el. pa\u0161tu nevykstant konkre\u010diai atrankai;<\/li>\n<li>i\u0161 \u012fdarbinimo agent\u016bros (jei parai\u0161k\u0105 pateik\u0117te per j\u0105);<\/li>\n<li>i\u0161 esamo (-os) M\u016bs\u0173 darbuotojo (-os), rekomendavusio (-ios) kandidat\u0105. Tokiu atveju susisiekiame su kandidatu, susijusiu su atrankos procesu;<\/li>\n<li>i\u0161 vie\u0161ai prieinam\u0173 tre\u010di\u0173j\u0173 \u0161ali\u0173 \u0161altini\u0173, pvz., LinkedIn, CVonline, CV banko ar kit\u0173 su verslu ir \u012fdarbinimu susijusi\u0173 interneto svetaini\u0173, kuriose J\u016bs vie\u0161ai skelbiate informacij\u0105 apie save. Taip pat i\u0161 publikacij\u0173, kurias ra\u0161\u0117te ar prie kuri\u0173 prisid\u0117jote ir kurios yra vie\u0161ai prieinamos arba kuriose pateik\u0117te URL nuorod\u0105 \u012f savo \u201eLinkedIn\u201c paskyr\u0105, ir pan;<\/li>\n<li>U\u017eimtumo tarnybos prie Lietuvos Respublikos socialin\u0117s apsaugos ir darbo ministerijos.<\/li>\n<\/ul>\n<p><strong>Kiek laiko saugome J\u016bs\u0173 asmens duomenis?<\/strong><\/p>\n<p>Kai kandidatuojate \u012f M\u016bs\u0173 \u012fmon\u0117je esan\u010di\u0105 darbo viet\u0105 pagal m\u016bs\u0173 vie\u0161\u0105 darbo skelbim\u0105, J\u016bs\u0173 Asmens duomenys saugomi atrankos vykdymo laikotarpiu ir 3 (tris) m\u0117nesius po vie\u0161o darbo skelbimo panaikinimo\/ i\u0161trynimo dienos.<\/p>\n<p>Kai kandidatuojate, ne pagal M\u016bs\u0173 \u012fmon\u0117s vie\u0161\u0105 darbo skelbim\u0105, o atsiun\u010diant \u00a0Mums savo gyvenimo apra\u0161ym\u0105 el. pa\u0161tu ar socialini\u0173 tinkl\u0173 pagalba, \u00a0tokiu atveju J\u016bs\u0173 asmens duomenis laikysime savo sistemoje 6 (\u0161e\u0161is) m\u0117nesius nuo J\u016bs\u0173 informacijos gavimo dienos.<\/p>\n<p>Taip pat tais atvejai, kai J\u016bs Mums dav\u0117te savo sutikim\u0105, siekiant Jums pasi\u016blyti galimas darbo pozicijas ateityje,\u00a0 J\u016bs\u0173 asmens duomenis galime saugoti papildomus 3 metus, nuo sutikimo gavimo datos.<\/p>\n<p>Tais atvejais, kai gausime informacijos apie Jus ne tiesiogiai, pvz., i\u0161 asmens, kuris Jus rekomendavo, ir neduosite savo sutikimo per 30 dien\u0173, pasibaigus \u0161iam terminui, J\u016bs\u0173 asmens duomenys bus i\u0161trinti.<\/p>\n<p>Informuojame, kad Jeigu persigalvojote ir nepageidaujate, kad Mes toliau tvarkytume ir saugotume J\u016bs\u0173 asmens duomenis, pagal M\u016bs\u0173 pateiktus terminus, J\u016bs galite bet kuriuo metu at\u0161aukti \u00a0savo sutikim\u0105 (-us), per M\u016bs\u0173 naudojam\u0105 \u012fdarbinimo platform\u0105 arba atskirai ra\u0161tu informuojant Mus, \u017eemiau pateiktais kontaktais.<\/p>\n<p><strong>Kam galime atskleisti J\u016bs\u0173 asmens duomenis?<\/strong><\/p>\n<p>J\u016bs\u0173 asmens duomenis perduodame savo duomen\u0173 tvarkytojams, t. y. asmenims, kurie Mums teikia IT prie\u017ei\u016bros, atrank\u0173 ir kitas paslaugas.<\/p>\n<p>Kadangi atrankos procesui supaprastinti naudojame darbuotoj\u0173 atrankos platform\u0105 \u201eWorkable\u201c, platform\u0105 teikianti \u012fmon\u0117 ir jos subrangovai teikdami paslaugas gali tur\u0117ti prieig\u0105 prie kandidat\u0173 asmens duomen\u0173. \u201eWorkable\u201c veikia kaip M\u016bs\u0173 duomen\u0173 tvarkytojas.<\/p>\n<p>J\u016bs\u0173 asmens duomenis taip pat galime perduoti atitinkamoms vald\u017eios institucijoms, turin\u010dioms teis\u0119 patikrinti j\u0173 atitikt\u012f. Tai galime padaryti tik j\u0173 pra\u0161ymu ir (arba) prireikus ginti teis\u0117tus \u012fmon\u0117s interesus valstybin\u0117se ar teismin\u0117se institucijose.<\/p>\n<p>Jums davus atskir\u0105 sutikim\u0105, J\u016bs\u0173 duomenis galime perduoti kitoms Modus grup\u0117s \u012fmon\u0117ms, kurioms J\u016bs\u0173 kandidat\u016bra gali b\u016bti vertinga. Su J\u016bs\u0173 susitikimu perduoti asmens duomenys yra saugojami pagal atitinkamos Modus grup\u0117s \u012fmon\u0117s kandidat\u0173 ir\/ar privatumo politikos nuostatas.<\/p>\n<p><strong>Duomen\u0173 saugumas<\/strong><\/p>\n<p>Mes tvarkome J\u016bs\u0173 asmens duomenis atsakingai ir saugiai, vadovaudamiesi patvirtintomis vidin\u0117mis duomen\u0173 apsaugos politikomis ir \u012fgyvendindami tinkamas technines ir organizacines saugumo priemones, \u012fskaitant, bet neapsiribojant- apsaug\u0105 nuo neautorizuoto ir neteis\u0117to duomen\u0173 atskleidimo, praradimo, sugadinimo, pakeitimo ar kt. neteis\u0117to tvarkymo. Tvarkydami duomenis vadovaujam\u0117s pagrindiniais duomen\u0173 tvarkymo principais:<\/p>\n<ul>\n<li>Tvarkome duomenis ai\u0161kiai nustatytais ir teis\u0117tais tikslais;<\/li>\n<li>U\u017etikriname duomen\u0173 tvarkymo skaidrum\u0105;<\/li>\n<li>Duomenis tvarkome, tik tiek duomen\u0173 kiek reikalinga M\u016bs\u0173 i\u0161sikeltiems teis\u0117tiems tikslams pasiekti;<\/li>\n<li>Duomenims tvarkyti paskiriame tik tuos savo darbuotojus, kuriems \u0161i informacija yra b\u016btina j\u0173 pareig\u0173 vykdymui ir kurie yra \u012fsipareigoj\u0119 u\u017etikrinti duomen\u0173 konfidencialum\u0105;<\/li>\n<li>Duomenis tre\u010diosioms \u0161alims atskleid\u017eiame tik esant pakankamam teisiniam pagrindui;<\/li>\n<li>Esame patvirtin\u0119 proced\u016bras, skirtas suvaldyti galimus duomen\u0173 apsaugos pa\u017eeidimus.<\/li>\n<\/ul>\n<p>Duomenys, kurie yra tvarkomi Workable platformoje gali b\u016bti perduoti tvarkyti ir\/ ar saugoti u\u017e Europos ekonomin\u0117s erdv\u0117s rib\u0173 (EEE). Duomenys gali b\u016bti tvarkomi m\u016bs\u0173 tiek\u0117j\u0173, teikian\u010di\u0173 mums Workable sistemos prie\u017ei\u016bros ar debesijos serveri\u0173 prieglobos paslaugas JAV. Kadangi JAV neu\u017etikrina tokio paties asmens duomen\u0173 apsaugos lygio kaip EU, Workable Software limited ir jos u\u017esienio bendrai valdomos \u012fmon\u0117s yra pasira\u0161iusios tarpusavio duomen\u0173 tvarkymo susitarimus, skirtus u\u017etikrinti papildomas saugumo priemones u\u017etikrinan\u010dias perduodam\u0173 duomen\u0173 konfidencialum\u0105.<\/p>\n<p><strong>Kokia teises J\u016bs turite? <\/strong><\/p>\n<ul>\n<li>GDPR ir kiti \u012fstatymai suteikia Jums tam tikras teises, \u0161i\u0173 teisi\u0173 \u012fgyvendinimo proced\u016bras ir i\u0161imtis. Kai tai leid\u017eia \u012fstatymai, J\u016bs galite: pateikti pra\u0161ym\u0105 gauti informacij\u0105 apie tai, ar tvarkome J\u016bs\u0173 asmens duomenis, ir jeigu tokie asmens duomenys tvarkomi, teis\u0119 susipa\u017einti su savo asmens duomenimis;<\/li>\n<li>teis\u0119 kreiptis \u012f Mus su pra\u0161ymu i\u0161taisyti netikslius asmens duomenis arba juos papildyti, kai jie n\u0117ra i\u0161sam\u016bs;<\/li>\n<li>pateikti pra\u0161ym\u0105 i\u0161trinti savo asmens duomenis, jei manote, kad n\u0117ra reikalo Mums juos toliau tur\u0117ti arba jeigu Juos naudojame neteis\u0117tai<\/li>\n<li>pateikti pra\u0161ym\u0105 gauti su Jumis susijusius asmens duomenis, kuriuos J\u016bs pateik\u0117te mums susistemintu, \u012fprastai naudojamu ir kompiuterio skaitomu formatu ir taip pat papra\u0161yti juos perduoti kitai tre\u010diajai \u0161aliai;<\/li>\n<li>prie\u0161tarauti, kad tam tikromis aplinkyb\u0117mis b\u016bt\u0173 apribotas J\u016bs\u0173 asmens duomen\u0173 tvarkymas, jeigu gin\u010dijate duomen\u0173 tikslum\u0105 arba, kai asmens duomen\u0173 tvarkymas yra neteis\u0117tas ir J\u016bs nesutinkate, kad duomenys b\u016bt\u0173 i\u0161trinti ir vietoj to pra\u0161ote apriboti j\u0173 naudojim\u0105, arba jei Jums reikia duomen\u0173 pareik\u0161ti, vykdyti ar apginti teisinius reikalavimus;<\/li>\n<li>nesutikti ir\/ar prie\u0161tarauti J\u016bs\u0173 asmens duomen\u0173 rinkimui, naudojimui ir saugojimui, kai Mes tvarkome asmens duomenis remdamiesi M\u016bs\u0173 ir\/ar \u00a0tre\u010di\u0173j\u0173 \u0161ali\u0173 teis\u0117tais interesais;<\/li>\n<li>at\u0161aukti bet kokius Mums duotus sutikimus d\u0117l J\u016bs\u0173 asmens duomen\u0173 \u2013 kai tuos asmens duomenis naudojame pagal J\u016bs\u0173 sutikim\u0105;<\/li>\n<li>pateikti skund\u0105 prie\u017ei\u016bros institucijai ar kreiptis \u012f teism\u0105.<\/li>\n<\/ul>\n<p>Nor\u0117dami pasinaudoti \u0161iomis teis\u0117mis, kreipkit\u0117s \u012f Mus ra\u0161tu arba susisiekite su duomen\u0173 apsaugos pareig\u016bnu \u017eemiau nurodytais kontaktais.<\/p>\n<p>Jeigu manote, kad tai, kaip tvarkome J\u016bs\u0173 asmens duomenis, neatitinka galiojan\u010di\u0173 teis\u0117s akt\u0173, turite teis\u0119 kreiptis \u012f Valstybin\u0119 duomen\u0173 apsaugos inspekcij\u0105 (<a href=\"http:\/\/www.vdai.lrv.lt\/\">www.vdai.lrv.lt<\/a>).<\/p>\n<p><strong>Kaip su Mumis susisiekti? <\/strong><\/p>\n<p>Jei turite klausim\u0173 apie asmens duomen\u0173 tvarkym\u0105, pageidavim\u0173 ar pastab\u0173, susisiekite su Mumis:<\/p>\n<p>UAB \u201eGreen Genius\u201c, \u012fmon\u0117s kodas 301557546 , adresas Ozo g. 10A, LT-08200 Vilnius, tel.+37065545222 , el. pa\u0161tas info@greengenius.com<\/p>\n<p>Duomen\u0173 apsaugos pareig\u016bnas: el. pa\u0161tas <a href=\"mailto:dpo@modus.group\">dpo@modus.group<\/a>.<\/p>\n<p><strong>Kaip da\u017enai atnaujiname Kandidat\u0173 politik\u0105?<\/strong><\/p>\n<p>Mes reguliariai per\u017ei\u016brime savo Kandidat\u0173 politik\u0105 ir koreguojame j\u0105 pagal teis\u0117s akt\u0173 ir\/ar M\u016bs\u0173 vidini\u0173 proces\u0173 pakeitimus. \u0160i versija atnaujinta 2022 m. liepos 4 d.<br \/>\nNuoroda \u012f senesn\u0119 versij\u0105: https:\/\/apply.workable.com\/modus-group\/gdpr_policy\/?lng=en<\/p>\n<p><strong>KANDIDAT\u0172 POLITIKOS PABAIGA. <\/strong><\/p>\n","protected":false},"excerpt":{"rendered":"<p>Green Genius \u017eenklui priklausan\u010dios \u012fmon\u0117s, vystan\u010dios saul\u0117s, bioduj\u0173, v\u0117jo ir vandenilio energetikos sritis (toliau \u2013 \u201eMES\u201c, \u201eGreen Genius\u201c) gerbiame J\u016bs\u0173 pateikiam\u0173 ir\/ar gaunam\u0173 asmens duomen\u0173 privatum\u0105 ir \u012fsipareigojame juos saugoti, laikydamiesi \u0161ios Kandidat\u0173 privatumo politikos (toliau \u2013 \u201eKandidat\u0173 politika\u201c) nuostat\u0173. Tvarkydami J\u016bs\u0173 asmens duomenis, Mes vadovaujam\u0117s 2016 m. baland\u017eio 27 d. Europos Parlamento ir Tarybos &#8230;<\/p>\n","protected":false},"author":1,"featured_media":0,"parent":0,"menu_order":0,"comment_status":"closed","ping_status":"closed","template":"","meta":{"_acf_changed":false,"inline_featured_image":false,"footnotes":""},"class_list":["post-7834","page","type-page","status-publish","hentry"],"acf":[],"yoast_head":"<!-- This site is optimized with the Yoast SEO plugin v27.1.1 - https:\/\/yoast.com\/product\/yoast-seo-wordpress\/ -->\n<title>Green Genius kandidat\u0173 \u012f darbuotojus privatumo politika - Green Genius<\/title>\n<meta name=\"robots\" content=\"index, follow, max-snippet:-1, max-image-preview:large, max-video-preview:-1\" \/>\n<link rel=\"canonical\" href=\"https:\/\/greengenius.stillnot.live\/lt\/kandidatu-privatumo-politika\/\" \/>\n<meta property=\"og:locale\" content=\"lt_LT\" \/>\n<meta property=\"og:type\" content=\"article\" \/>\n<meta property=\"og:title\" content=\"Green Genius kandidat\u0173 \u012f darbuotojus privatumo politika - Green Genius\" \/>\n<meta property=\"og:description\" content=\"Green Genius \u017eenklui priklausan\u010dios \u012fmon\u0117s, vystan\u010dios saul\u0117s, bioduj\u0173, v\u0117jo ir vandenilio energetikos sritis (toliau \u2013 \u201eMES\u201c, \u201eGreen Genius\u201c) gerbiame J\u016bs\u0173 pateikiam\u0173 ir\/ar gaunam\u0173 asmens duomen\u0173 privatum\u0105 ir \u012fsipareigojame juos saugoti, laikydamiesi \u0161ios Kandidat\u0173 privatumo politikos (toliau \u2013 \u201eKandidat\u0173 politika\u201c) nuostat\u0173. Tvarkydami J\u016bs\u0173 asmens duomenis, Mes vadovaujam\u0117s 2016 m. baland\u017eio 27 d. Europos Parlamento ir Tarybos ...\" \/>\n<meta property=\"og:url\" content=\"https:\/\/greengenius.stillnot.live\/lt\/kandidatu-privatumo-politika\/\" \/>\n<meta property=\"og:site_name\" content=\"Green Genius\" \/>\n<meta property=\"article:publisher\" content=\"https:\/\/www.facebook.com\/greengeniuslietuva\/\" \/>\n<meta property=\"article:modified_time\" content=\"2023-03-10T14:54:27+00:00\" \/>\n<meta name=\"twitter:card\" content=\"summary_large_image\" \/>\n<meta name=\"twitter:site\" content=\"@greengenius_\" \/>\n<meta name=\"twitter:label1\" content=\"Est. reading time\" \/>\n\t<meta name=\"twitter:data1\" content=\"7 minut\u0117s\" \/>\n<script type=\"application\/ld+json\" class=\"yoast-schema-graph\">{\"@context\":\"https:\/\/schema.org\",\"@graph\":[{\"@type\":\"Article\",\"@id\":\"https:\/\/greengenius.stillnot.live\/lt\/kandidatu-privatumo-politika\/#article\",\"isPartOf\":{\"@id\":\"https:\/\/greengenius.stillnot.live\/lt\/kandidatu-privatumo-politika\/\"},\"author\":{\"name\":\"gg_admin\",\"@id\":\"https:\/\/greengenius.com\/#\/schema\/person\/9dd61841b9ebbeac2b92b6a6e2bd7305\"},\"headline\":\"Green Genius kandidat\u0173 \u012f darbuotojus privatumo politika\",\"datePublished\":\"2022-07-18T07:41:31+00:00\",\"dateModified\":\"2023-03-10T14:54:27+00:00\",\"mainEntityOfPage\":{\"@id\":\"https:\/\/greengenius.stillnot.live\/lt\/kandidatu-privatumo-politika\/\"},\"wordCount\":1794,\"publisher\":{\"@id\":\"https:\/\/greengenius.com\/#organization\"},\"inLanguage\":\"lt-LT\"},{\"@type\":\"WebPage\",\"@id\":\"https:\/\/greengenius.stillnot.live\/lt\/kandidatu-privatumo-politika\/\",\"url\":\"https:\/\/greengenius.stillnot.live\/lt\/kandidatu-privatumo-politika\/\",\"name\":\"Green Genius kandidat\u0173 \u012f darbuotojus privatumo politika - Green Genius\",\"isPartOf\":{\"@id\":\"https:\/\/greengenius.com\/#website\"},\"datePublished\":\"2022-07-18T07:41:31+00:00\",\"dateModified\":\"2023-03-10T14:54:27+00:00\",\"breadcrumb\":{\"@id\":\"https:\/\/greengenius.stillnot.live\/lt\/kandidatu-privatumo-politika\/#breadcrumb\"},\"inLanguage\":\"lt-LT\",\"potentialAction\":[{\"@type\":\"ReadAction\",\"target\":[\"https:\/\/greengenius.stillnot.live\/lt\/kandidatu-privatumo-politika\/\"]}]},{\"@type\":\"BreadcrumbList\",\"@id\":\"https:\/\/greengenius.stillnot.live\/lt\/kandidatu-privatumo-politika\/#breadcrumb\",\"itemListElement\":[{\"@type\":\"ListItem\",\"position\":1,\"name\":\"Home\",\"item\":\"https:\/\/greengenius.com\/lt\/\"},{\"@type\":\"ListItem\",\"position\":2,\"name\":\"Green Genius kandidat\u0173 \u012f darbuotojus privatumo politika\"}]},{\"@type\":\"WebSite\",\"@id\":\"https:\/\/greengenius.com\/#website\",\"url\":\"https:\/\/greengenius.com\/\",\"name\":\"Green Genius\",\"description\":\"\",\"publisher\":{\"@id\":\"https:\/\/greengenius.com\/#organization\"},\"potentialAction\":[{\"@type\":\"SearchAction\",\"target\":{\"@type\":\"EntryPoint\",\"urlTemplate\":\"https:\/\/greengenius.com\/?s={search_term_string}\"},\"query-input\":{\"@type\":\"PropertyValueSpecification\",\"valueRequired\":true,\"valueName\":\"search_term_string\"}}],\"inLanguage\":\"lt-LT\"},{\"@type\":\"Organization\",\"@id\":\"https:\/\/greengenius.com\/#organization\",\"name\":\"Green Genius\",\"url\":\"https:\/\/greengenius.com\/\",\"logo\":{\"@type\":\"ImageObject\",\"inLanguage\":\"lt-LT\",\"@id\":\"https:\/\/greengenius.com\/#\/schema\/logo\/image\/\",\"url\":\"https:\/\/greengenius.com\/wp-content\/uploads\/2022\/10\/logo.png\",\"contentUrl\":\"https:\/\/greengenius.com\/wp-content\/uploads\/2022\/10\/logo.png\",\"width\":602,\"height\":602,\"caption\":\"Green Genius\"},\"image\":{\"@id\":\"https:\/\/greengenius.com\/#\/schema\/logo\/image\/\"},\"sameAs\":[\"https:\/\/www.facebook.com\/greengeniuslietuva\/\",\"https:\/\/x.com\/greengenius_\",\"https:\/\/www.linkedin.com\/company\/green-genius\/\",\"https:\/\/www.youtube.com\/channel\/UCxd1pbeZ-bFpy3qkdsL5gSg\"]},{\"@type\":\"Person\",\"@id\":\"https:\/\/greengenius.com\/#\/schema\/person\/9dd61841b9ebbeac2b92b6a6e2bd7305\",\"name\":\"gg_admin\"}]}<\/script>\n<!-- \/ Yoast SEO plugin. -->","yoast_head_json":{"title":"Green Genius kandidat\u0173 \u012f darbuotojus privatumo politika - Green Genius","robots":{"index":"index","follow":"follow","max-snippet":"max-snippet:-1","max-image-preview":"max-image-preview:large","max-video-preview":"max-video-preview:-1"},"canonical":"https:\/\/greengenius.stillnot.live\/lt\/kandidatu-privatumo-politika\/","og_locale":"lt_LT","og_type":"article","og_title":"Green Genius kandidat\u0173 \u012f darbuotojus privatumo politika - Green Genius","og_description":"Green Genius \u017eenklui priklausan\u010dios \u012fmon\u0117s, vystan\u010dios saul\u0117s, bioduj\u0173, v\u0117jo ir vandenilio energetikos sritis (toliau \u2013 \u201eMES\u201c, \u201eGreen Genius\u201c) gerbiame J\u016bs\u0173 pateikiam\u0173 ir\/ar gaunam\u0173 asmens duomen\u0173 privatum\u0105 ir \u012fsipareigojame juos saugoti, laikydamiesi \u0161ios Kandidat\u0173 privatumo politikos (toliau \u2013 \u201eKandidat\u0173 politika\u201c) nuostat\u0173. Tvarkydami J\u016bs\u0173 asmens duomenis, Mes vadovaujam\u0117s 2016 m. baland\u017eio 27 d. Europos Parlamento ir Tarybos ...","og_url":"https:\/\/greengenius.stillnot.live\/lt\/kandidatu-privatumo-politika\/","og_site_name":"Green Genius","article_publisher":"https:\/\/www.facebook.com\/greengeniuslietuva\/","article_modified_time":"2023-03-10T14:54:27+00:00","twitter_card":"summary_large_image","twitter_site":"@greengenius_","twitter_misc":{"Est. reading time":"7 minut\u0117s"},"schema":{"@context":"https:\/\/schema.org","@graph":[{"@type":"Article","@id":"https:\/\/greengenius.stillnot.live\/lt\/kandidatu-privatumo-politika\/#article","isPartOf":{"@id":"https:\/\/greengenius.stillnot.live\/lt\/kandidatu-privatumo-politika\/"},"author":{"name":"gg_admin","@id":"https:\/\/greengenius.com\/#\/schema\/person\/9dd61841b9ebbeac2b92b6a6e2bd7305"},"headline":"Green Genius kandidat\u0173 \u012f darbuotojus privatumo politika","datePublished":"2022-07-18T07:41:31+00:00","dateModified":"2023-03-10T14:54:27+00:00","mainEntityOfPage":{"@id":"https:\/\/greengenius.stillnot.live\/lt\/kandidatu-privatumo-politika\/"},"wordCount":1794,"publisher":{"@id":"https:\/\/greengenius.com\/#organization"},"inLanguage":"lt-LT"},{"@type":"WebPage","@id":"https:\/\/greengenius.stillnot.live\/lt\/kandidatu-privatumo-politika\/","url":"https:\/\/greengenius.stillnot.live\/lt\/kandidatu-privatumo-politika\/","name":"Green Genius kandidat\u0173 \u012f darbuotojus privatumo politika - Green Genius","isPartOf":{"@id":"https:\/\/greengenius.com\/#website"},"datePublished":"2022-07-18T07:41:31+00:00","dateModified":"2023-03-10T14:54:27+00:00","breadcrumb":{"@id":"https:\/\/greengenius.stillnot.live\/lt\/kandidatu-privatumo-politika\/#breadcrumb"},"inLanguage":"lt-LT","potentialAction":[{"@type":"ReadAction","target":["https:\/\/greengenius.stillnot.live\/lt\/kandidatu-privatumo-politika\/"]}]},{"@type":"BreadcrumbList","@id":"https:\/\/greengenius.stillnot.live\/lt\/kandidatu-privatumo-politika\/#breadcrumb","itemListElement":[{"@type":"ListItem","position":1,"name":"Home","item":"https:\/\/greengenius.com\/lt\/"},{"@type":"ListItem","position":2,"name":"Green Genius kandidat\u0173 \u012f darbuotojus privatumo politika"}]},{"@type":"WebSite","@id":"https:\/\/greengenius.com\/#website","url":"https:\/\/greengenius.com\/","name":"Green Genius","description":"","publisher":{"@id":"https:\/\/greengenius.com\/#organization"},"potentialAction":[{"@type":"SearchAction","target":{"@type":"EntryPoint","urlTemplate":"https:\/\/greengenius.com\/?s={search_term_string}"},"query-input":{"@type":"PropertyValueSpecification","valueRequired":true,"valueName":"search_term_string"}}],"inLanguage":"lt-LT"},{"@type":"Organization","@id":"https:\/\/greengenius.com\/#organization","name":"Green Genius","url":"https:\/\/greengenius.com\/","logo":{"@type":"ImageObject","inLanguage":"lt-LT","@id":"https:\/\/greengenius.com\/#\/schema\/logo\/image\/","url":"https:\/\/greengenius.com\/wp-content\/uploads\/2022\/10\/logo.png","contentUrl":"https:\/\/greengenius.com\/wp-content\/uploads\/2022\/10\/logo.png","width":602,"height":602,"caption":"Green Genius"},"image":{"@id":"https:\/\/greengenius.com\/#\/schema\/logo\/image\/"},"sameAs":["https:\/\/www.facebook.com\/greengeniuslietuva\/","https:\/\/x.com\/greengenius_","https:\/\/www.linkedin.com\/company\/green-genius\/","https:\/\/www.youtube.com\/channel\/UCxd1pbeZ-bFpy3qkdsL5gSg"]},{"@type":"Person","@id":"https:\/\/greengenius.com\/#\/schema\/person\/9dd61841b9ebbeac2b92b6a6e2bd7305","name":"gg_admin"}]}},"_links":{"self":[{"href":"https:\/\/greengenius.com\/lt\/wp-json\/wp\/v2\/pages\/7834","targetHints":{"allow":["GET"]}}],"collection":[{"href":"https:\/\/greengenius.com\/lt\/wp-json\/wp\/v2\/pages"}],"about":[{"href":"https:\/\/greengenius.com\/lt\/wp-json\/wp\/v2\/types\/page"}],"author":[{"embeddable":true,"href":"https:\/\/greengenius.com\/lt\/wp-json\/wp\/v2\/users\/1"}],"replies":[{"embeddable":true,"href":"https:\/\/greengenius.com\/lt\/wp-json\/wp\/v2\/comments?post=7834"}],"version-history":[{"count":7,"href":"https:\/\/greengenius.com\/lt\/wp-json\/wp\/v2\/pages\/7834\/revisions"}],"predecessor-version":[{"id":8620,"href":"https:\/\/greengenius.com\/lt\/wp-json\/wp\/v2\/pages\/7834\/revisions\/8620"}],"wp:attachment":[{"href":"https:\/\/greengenius.com\/lt\/wp-json\/wp\/v2\/media?parent=7834"}],"curies":[{"name":"wp","href":"https:\/\/api.w.org\/{rel}","templated":true}]}}